{"id":125,"date":"2018-11-26T12:45:27","date_gmt":"2018-11-26T12:45:27","guid":{"rendered":"https:\/\/chorvokal.ch\/?page_id=125"},"modified":"2025-12-30T15:08:43","modified_gmt":"2025-12-30T14:08:43","slug":"home","status":"publish","type":"page","link":"https:\/\/chorvokal.ch\/","title":{"rendered":"Home"},"content":{"rendered":"\t\t<div data-elementor-type=\"wp-post\" data-elementor-id=\"125\" class=\"elementor elementor-125\">\n\t\t\t\t\t\t<section class=\"elementor-section elementor-top-section elementor-element elementor-element-567911d elementor-section-content-middle elementor-section-boxed elementor-section-height-default elementor-section-height-default\" data-id=\"567911d\" data-element_type=\"section\" data-settings=\"{&quot;background_background&quot;:&quot;classic&quot;}\">\n\t\t\t\t\t\t\t<div class=\"elementor-background-overlay\"><\/div>\n\t\t\t\t\t\t\t<div class=\"elementor-container elementor-column-gap-no\">\n\t\t\t\t\t<div class=\"elementor-column elementor-col-100 elementor-top-column elementor-element elementor-element-b3743c8\" data-id=\"b3743c8\" data-element_type=\"column\">\n\t\t\t<div class=\"elementor-widget-wrap elementor-element-populated\">\n\t\t\t\t\t\t<div class=\"elementor-element elementor-element-0cfef53 elementor-widget elementor-widget-heading\" data-id=\"0cfef53\" data-element_type=\"widget\" data-widget_type=\"heading.default\">\n\t\t\t\t<div class=\"elementor-widget-container\">\n\t\t\t\t\t<h5 class=\"elementor-heading-title elementor-size-default\">Willkommen beim jungen Ostschweizer A-cappella-Chor<\/h5>\t\t\t\t<\/div>\n\t\t\t\t<\/div>\n\t\t\t\t<div class=\"elementor-element elementor-element-82092e7 elementor-hidden-mobile elementor-widget elementor-widget-heading\" data-id=\"82092e7\" data-element_type=\"widget\" data-widget_type=\"heading.default\">\n\t\t\t\t<div class=\"elementor-widget-container\">\n\t\t\t\t\t<h2 class=\"elementor-heading-title elementor-size-xxl\">Chor Vokal\nSt. Gallen<\/h2>\t\t\t\t<\/div>\n\t\t\t\t<\/div>\n\t\t\t\t\t<\/div>\n\t\t<\/div>\n\t\t\t\t\t<\/div>\n\t\t<\/section>\n\t\t\t\t<section class=\"elementor-section elementor-top-section elementor-element elementor-element-6336bf9 elementor-section-boxed elementor-section-height-default elementor-section-height-default\" data-id=\"6336bf9\" data-element_type=\"section\">\n\t\t\t\t\t\t<div class=\"elementor-container elementor-column-gap-default\">\n\t\t\t\t\t<div class=\"elementor-column elementor-col-100 elementor-top-column elementor-element elementor-element-99ad02e\" data-id=\"99ad02e\" data-element_type=\"column\">\n\t\t\t<div class=\"elementor-widget-wrap elementor-element-populated\">\n\t\t\t\t\t\t<div class=\"elementor-element elementor-element-0b77069 elementor-hidden-mobile elementor-widget elementor-widget-spacer\" data-id=\"0b77069\" data-element_type=\"widget\" data-widget_type=\"spacer.default\">\n\t\t\t\t<div class=\"elementor-widget-container\">\n\t\t\t\t\t\t\t<div class=\"elementor-spacer\">\n\t\t\t<div class=\"elementor-spacer-inner\"><\/div>\n\t\t<\/div>\n\t\t\t\t\t\t<\/div>\n\t\t\t\t<\/div>\n\t\t\t\t\t<\/div>\n\t\t<\/div>\n\t\t\t\t\t<\/div>\n\t\t<\/section>\n\t\t\t\t<section class=\"elementor-section elementor-top-section elementor-element elementor-element-787ef42 elementor-section-boxed elementor-section-height-default elementor-section-height-default\" data-id=\"787ef42\" data-element_type=\"section\">\n\t\t\t\t\t\t<div class=\"elementor-container elementor-column-gap-default\">\n\t\t\t\t\t<div class=\"elementor-column elementor-col-33 elementor-top-column elementor-element elementor-element-37227fd\" data-id=\"37227fd\" data-element_type=\"column\">\n\t\t\t<div class=\"elementor-widget-wrap elementor-element-populated\">\n\t\t\t\t\t\t<div class=\"elementor-element elementor-element-0e8ad5c elementor-widget elementor-widget-heading\" data-id=\"0e8ad5c\" data-element_type=\"widget\" data-widget_type=\"heading.default\">\n\t\t\t\t<div class=\"elementor-widget-container\">\n\t\t\t\t\t<h2 class=\"elementor-heading-title elementor-size-default\">\u00dcber uns<\/h2>\t\t\t\t<\/div>\n\t\t\t\t<\/div>\n\t\t\t\t\t<\/div>\n\t\t<\/div>\n\t\t\t\t<div class=\"elementor-column elementor-col-66 elementor-top-column elementor-element elementor-element-c8e9118\" data-id=\"c8e9118\" data-element_type=\"column\">\n\t\t\t<div class=\"elementor-widget-wrap elementor-element-populated\">\n\t\t\t\t\t\t<div class=\"elementor-element elementor-element-9bfee59 elementor-widget elementor-widget-text-editor\" data-id=\"9bfee59\" data-element_type=\"widget\" data-widget_type=\"text-editor.default\">\n\t\t\t\t<div class=\"elementor-widget-container\">\n\t\t\t\t\t\t\t\t\t<p>Wir sind ein Chor aus <strong>jungen Leuten<\/strong> aus der Region St. Gallen, die gemeinsam auf hohem Niveau Chormusik pr\u00e4sentieren wollen. Wir studieren projektweise zwei Chorprogramme im Jahr ein und treten mit diesen in der Region St. Gallen auf.<\/p><p>Jedes Jahr finden im Dezember unsere <strong>Weihnachtskonzerte<\/strong> statt, an denen wir mit besinnlicher Musik die festliche Zeit willkommen heissen.<\/p>\t\t\t\t\t\t\t\t<\/div>\n\t\t\t\t<\/div>\n\t\t\t\t\t<\/div>\n\t\t<\/div>\n\t\t\t\t\t<\/div>\n\t\t<\/section>\n\t\t\t\t<section class=\"elementor-section elementor-top-section elementor-element elementor-element-ae77d0e elementor-hidden-mobile elementor-section-boxed elementor-section-height-default elementor-section-height-default\" data-id=\"ae77d0e\" data-element_type=\"section\">\n\t\t\t\t\t\t<div class=\"elementor-container elementor-column-gap-default\">\n\t\t\t\t\t<div class=\"elementor-column elementor-col-100 elementor-top-column elementor-element elementor-element-370b21a\" data-id=\"370b21a\" data-element_type=\"column\">\n\t\t\t<div class=\"elementor-widget-wrap elementor-element-populated\">\n\t\t\t\t\t\t<div class=\"elementor-element elementor-element-69296b5 elementor-widget elementor-widget-spacer\" data-id=\"69296b5\" data-element_type=\"widget\" data-widget_type=\"spacer.default\">\n\t\t\t\t<div class=\"elementor-widget-container\">\n\t\t\t\t\t\t\t<div class=\"elementor-spacer\">\n\t\t\t<div class=\"elementor-spacer-inner\"><\/div>\n\t\t<\/div>\n\t\t\t\t\t\t<\/div>\n\t\t\t\t<\/div>\n\t\t\t\t\t<\/div>\n\t\t<\/div>\n\t\t\t\t\t<\/div>\n\t\t<\/section>\n\t\t\t\t<section class=\"elementor-section elementor-top-section elementor-element elementor-element-36db80a elementor-section-content-middle elementor-reverse-tablet elementor-reverse-mobile elementor-section-boxed elementor-section-height-default elementor-section-height-default\" data-id=\"36db80a\" data-element_type=\"section\" data-settings=\"{&quot;background_background&quot;:&quot;classic&quot;}\">\n\t\t\t\t\t\t\t<div class=\"elementor-background-overlay\"><\/div>\n\t\t\t\t\t\t\t<div class=\"elementor-container elementor-column-gap-no\">\n\t\t\t\t\t<div class=\"elementor-column elementor-col-100 elementor-top-column elementor-element elementor-element-386ff2c\" data-id=\"386ff2c\" data-element_type=\"column\">\n\t\t\t<div class=\"elementor-widget-wrap elementor-element-populated\">\n\t\t\t\t\t\t<div class=\"elementor-element elementor-element-302b47b elementor-widget elementor-widget-heading\" data-id=\"302b47b\" data-element_type=\"widget\" data-widget_type=\"heading.default\">\n\t\t\t\t<div class=\"elementor-widget-container\">\n\t\t\t\t\t<h2 class=\"elementor-heading-title elementor-size-default\">Konzertkalender<\/h2>\t\t\t\t<\/div>\n\t\t\t\t<\/div>\n\t\t\t\t<div class=\"elementor-element elementor-element-1e0ddc9 elementor-widget-divider--view-line elementor-widget elementor-widget-divider\" data-id=\"1e0ddc9\" data-element_type=\"widget\" data-widget_type=\"divider.default\">\n\t\t\t\t<div class=\"elementor-widget-container\">\n\t\t\t\t\t\t\t<div class=\"elementor-divider\">\n\t\t\t<span class=\"elementor-divider-separator\">\n\t\t\t\t\t\t<\/span>\n\t\t<\/div>\n\t\t\t\t\t\t<\/div>\n\t\t\t\t<\/div>\n\t\t\t\t<div class=\"elementor-element elementor-element-7b6f178 elementor-widget elementor-widget-image-box\" data-id=\"7b6f178\" data-element_type=\"widget\" data-widget_type=\"image-box.default\">\n\t\t\t\t<div class=\"elementor-widget-container\">\n\t\t\t\t\t<div class=\"elementor-image-box-wrapper\"><div class=\"elementor-image-box-content\"><h4 class=\"elementor-image-box-title\">Fr\u00fchjahrsprojekt 2026<\/h4><p class=\"elementor-image-box-description\">Im Fr\u00fchjahr 2026 werden wir ein neues Programm einstudieren. Details zum Projekt und den Konzertorten folgen in K\u00fcrze.<\/p><\/div><\/div>\t\t\t\t<\/div>\n\t\t\t\t<\/div>\n\t\t\t\t<div class=\"elementor-element elementor-element-5a702bd elementor-widget elementor-widget-image-box\" data-id=\"5a702bd\" data-element_type=\"widget\" data-widget_type=\"image-box.default\">\n\t\t\t\t<div class=\"elementor-widget-container\">\n\t\t\t\t\t<div class=\"elementor-image-box-wrapper\"><div class=\"elementor-image-box-content\"><p class=\"elementor-image-box-description\">Samstag 20. Juni 2026<\/p><\/div><\/div>\t\t\t\t<\/div>\n\t\t\t\t<\/div>\n\t\t\t\t<div class=\"elementor-element elementor-element-5b0a1e3 elementor-widget elementor-widget-image-box\" data-id=\"5b0a1e3\" data-element_type=\"widget\" data-widget_type=\"image-box.default\">\n\t\t\t\t<div class=\"elementor-widget-container\">\n\t\t\t\t\t<div class=\"elementor-image-box-wrapper\"><div class=\"elementor-image-box-content\"><p class=\"elementor-image-box-description\">Sonntag 21. Juni 2026<\/p><\/div><\/div>\t\t\t\t<\/div>\n\t\t\t\t<\/div>\n\t\t\t\t<div class=\"elementor-element elementor-element-0e2ede2 elementor-widget-divider--view-line elementor-widget elementor-widget-divider\" data-id=\"0e2ede2\" data-element_type=\"widget\" data-widget_type=\"divider.default\">\n\t\t\t\t<div class=\"elementor-widget-container\">\n\t\t\t\t\t\t\t<div class=\"elementor-divider\">\n\t\t\t<span class=\"elementor-divider-separator\">\n\t\t\t\t\t\t<\/span>\n\t\t<\/div>\n\t\t\t\t\t\t<\/div>\n\t\t\t\t<\/div>\n\t\t\t\t<div class=\"elementor-element elementor-element-ee848dd elementor-widget elementor-widget-image-box\" data-id=\"ee848dd\" data-element_type=\"widget\" data-widget_type=\"image-box.default\">\n\t\t\t\t<div class=\"elementor-widget-container\">\n\t\t\t\t\t<div class=\"elementor-image-box-wrapper\"><div class=\"elementor-image-box-content\"><h4 class=\"elementor-image-box-title\">Weihnachtskonzerte 2026<\/h4><p class=\"elementor-image-box-description\">Wir freuen uns, Sie auch n\u00e4chstes Jahr wieder an unseren Weihnachtskonzerten begr\u00fcssen zu d\u00fcrfen. Im Kontrast zum Weihnachtsrummel am Markplatz m\u00f6chten wir die Kirche St. Mangen im weihnachtlich, zart festlichen Klanggewand zum Strahlen bringen und mit unserem Publikum einen Moment der Ruhe, Besinnlichkeit und des Lichts teilen. Details zu den Konzertorten folgen.<\/p><\/div><\/div>\t\t\t\t<\/div>\n\t\t\t\t<\/div>\n\t\t\t\t<div class=\"elementor-element elementor-element-120093f elementor-widget elementor-widget-image-box\" data-id=\"120093f\" data-element_type=\"widget\" data-widget_type=\"image-box.default\">\n\t\t\t\t<div class=\"elementor-widget-container\">\n\t\t\t\t\t<div class=\"elementor-image-box-wrapper\"><div class=\"elementor-image-box-content\"><p class=\"elementor-image-box-description\">Samstag 12. Dezember 2026<\/p><\/div><\/div>\t\t\t\t<\/div>\n\t\t\t\t<\/div>\n\t\t\t\t<div class=\"elementor-element elementor-element-40d406f elementor-widget elementor-widget-image-box\" data-id=\"40d406f\" data-element_type=\"widget\" data-widget_type=\"image-box.default\">\n\t\t\t\t<div class=\"elementor-widget-container\">\n\t\t\t\t\t<div class=\"elementor-image-box-wrapper\"><div class=\"elementor-image-box-content\"><p class=\"elementor-image-box-description\">Sonntag 13. Dezember 2026<\/p><\/div><\/div>\t\t\t\t<\/div>\n\t\t\t\t<\/div>\n\t\t\t\t\t<\/div>\n\t\t<\/div>\n\t\t\t\t\t<\/div>\n\t\t<\/section>\n\t\t\t\t<section class=\"elementor-section elementor-top-section elementor-element elementor-element-1c904dc elementor-hidden-mobile elementor-section-boxed elementor-section-height-default elementor-section-height-default\" data-id=\"1c904dc\" data-element_type=\"section\">\n\t\t\t\t\t\t<div class=\"elementor-container elementor-column-gap-default\">\n\t\t\t\t\t<div class=\"elementor-column elementor-col-100 elementor-top-column elementor-element elementor-element-65773b7\" data-id=\"65773b7\" data-element_type=\"column\">\n\t\t\t<div class=\"elementor-widget-wrap elementor-element-populated\">\n\t\t\t\t\t\t<div class=\"elementor-element elementor-element-26dc6d7 elementor-widget elementor-widget-spacer\" data-id=\"26dc6d7\" data-element_type=\"widget\" data-widget_type=\"spacer.default\">\n\t\t\t\t<div class=\"elementor-widget-container\">\n\t\t\t\t\t\t\t<div class=\"elementor-spacer\">\n\t\t\t<div class=\"elementor-spacer-inner\"><\/div>\n\t\t<\/div>\n\t\t\t\t\t\t<\/div>\n\t\t\t\t<\/div>\n\t\t\t\t\t<\/div>\n\t\t<\/div>\n\t\t\t\t\t<\/div>\n\t\t<\/section>\n\t\t\t\t<section class=\"elementor-section elementor-top-section elementor-element elementor-element-f5192c4 elementor-section-boxed elementor-section-height-default elementor-section-height-default\" data-id=\"f5192c4\" data-element_type=\"section\">\n\t\t\t\t\t\t<div class=\"elementor-container elementor-column-gap-default\">\n\t\t\t\t\t<div class=\"elementor-column elementor-col-100 elementor-top-column elementor-element elementor-element-69d212d\" data-id=\"69d212d\" data-element_type=\"column\">\n\t\t\t<div class=\"elementor-widget-wrap elementor-element-populated\">\n\t\t\t\t\t\t<div class=\"elementor-element elementor-element-610ac52 elementor-widget elementor-widget-heading\" data-id=\"610ac52\" data-element_type=\"widget\" data-widget_type=\"heading.default\">\n\t\t\t\t<div class=\"elementor-widget-container\">\n\t\t\t\t\t<h2 class=\"elementor-heading-title elementor-size-default\">Dirigat und musikalische Leitung\n<\/h2>\t\t\t\t<\/div>\n\t\t\t\t<\/div>\n\t\t\t\t\t<\/div>\n\t\t<\/div>\n\t\t\t\t\t<\/div>\n\t\t<\/section>\n\t\t\t\t<section class=\"elementor-section elementor-top-section elementor-element elementor-element-25920d7 elementor-section-boxed elementor-section-height-default elementor-section-height-default\" data-id=\"25920d7\" data-element_type=\"section\">\n\t\t\t\t\t\t<div class=\"elementor-container elementor-column-gap-default\">\n\t\t\t\t\t<div class=\"elementor-column elementor-col-33 elementor-top-column elementor-element elementor-element-1f81a29\" data-id=\"1f81a29\" data-element_type=\"column\">\n\t\t\t<div class=\"elementor-widget-wrap elementor-element-populated\">\n\t\t\t\t\t\t<div class=\"elementor-element elementor-element-92abef7 elementor-widget elementor-widget-image\" data-id=\"92abef7\" data-element_type=\"widget\" data-widget_type=\"image.default\">\n\t\t\t\t<div class=\"elementor-widget-container\">\n\t\t\t\t\t\t\t\t\t\t\t\t\t\t\t<img fetchpriority=\"high\" decoding=\"async\" width=\"1021\" height=\"1024\" src=\"https:\/\/chorvokal.ch\/wp-content\/uploads\/2023\/06\/Katharina-gross-1021x1024.jpeg\" class=\"attachment-large size-large wp-image-545\" alt=\"\" srcset=\"https:\/\/chorvokal.ch\/wp-content\/uploads\/2023\/06\/Katharina-gross-1021x1024.jpeg 1021w, https:\/\/chorvokal.ch\/wp-content\/uploads\/2023\/06\/Katharina-gross-300x300.jpeg 300w, https:\/\/chorvokal.ch\/wp-content\/uploads\/2023\/06\/Katharina-gross-150x150.jpeg 150w, https:\/\/chorvokal.ch\/wp-content\/uploads\/2023\/06\/Katharina-gross-768x770.jpeg 768w, https:\/\/chorvokal.ch\/wp-content\/uploads\/2023\/06\/Katharina-gross-1532x1536.jpeg 1532w, https:\/\/chorvokal.ch\/wp-content\/uploads\/2023\/06\/Katharina-gross-2042x2048.jpeg 2042w\" sizes=\"(max-width: 1021px) 100vw, 1021px\" \/>\t\t\t\t\t\t\t\t\t\t\t\t\t\t\t<\/div>\n\t\t\t\t<\/div>\n\t\t\t\t\t<\/div>\n\t\t<\/div>\n\t\t\t\t<div class=\"elementor-column elementor-col-66 elementor-top-column elementor-element elementor-element-eaa733e\" data-id=\"eaa733e\" data-element_type=\"column\">\n\t\t\t<div class=\"elementor-widget-wrap elementor-element-populated\">\n\t\t\t\t\t\t<div class=\"elementor-element elementor-element-521b10b elementor-widget elementor-widget-text-editor\" data-id=\"521b10b\" data-element_type=\"widget\" data-widget_type=\"text-editor.default\">\n\t\t\t\t<div class=\"elementor-widget-container\">\n\t\t\t\t\t\t\t\t\t<h4><strong>Katharina Jud<\/strong><\/h4>\n<p>Unsere Dirigentin Katharina Jud gestaltet mit viel Engagement unsere Projekte, f\u00fchrt geduldig durch die Proben und versetzt uns mit ihrer positiven und motivierenden Art immer wieder ins Staunen!<\/p>\n<p>Katharina Jud schloss 2006 ihr Studium in Schulmusik II und Chorleitung (Pascal Mayer, Ulrike Grosch) an der Musikhochschule Luzern ab, 2008 folgte das Kirchenmusikdiplom mit Hauptfach Orgel (Jakob Wittwer). Ihr besonderes Interesse an der Chormusik f\u00fchrte sie f\u00fcr ein Semester an die K\u00f6nigliche Musikhochschule Stockholm (Anders Eby, Mats Nilsson), seither liegt ihr musikalischer Schwerpunkt bei der Chorarbeit mit Formationen verschiedenster Art.<\/p>\n<p>Katharina Jud ist an der Kantonsschule am Burggraben in St. Gallen f\u00fcr den gesamten Chorbereich und das Orchester der Schule zust\u00e4ndig. Sie leitete w\u00e4hrend mehreren Jahren den Kirchenchor und das Kirchenorchester Flums sowie den Zuger Chor Cantori Contenti. 2010-2022 hatte sie die Leitung des Glarner Kammerchors inne und \u00fcbernahm im August 2019 die Leitung des St. Galler Kammerchor. 2014 gr\u00fcndete sie den St. Galler Chor Vokal, im Sommer leitet sie zusammen mit Sarah Giger die Engadiner Kantorei. Kleinere Chorprojekte sind unter <a href=\"https:\/\/chorbuero.ch\/\">chorbuero.ch<\/a> zu finden.<\/p>\t\t\t\t\t\t\t\t<\/div>\n\t\t\t\t<\/div>\n\t\t\t\t\t<\/div>\n\t\t<\/div>\n\t\t\t\t\t<\/div>\n\t\t<\/section>\n\t\t\t\t<section class=\"elementor-section elementor-top-section elementor-element elementor-element-d51a610 elementor-section-boxed elementor-section-height-default elementor-section-height-default\" data-id=\"d51a610\" data-element_type=\"section\">\n\t\t\t\t\t\t<div class=\"elementor-container elementor-column-gap-default\">\n\t\t\t\t\t<div class=\"elementor-column elementor-col-100 elementor-top-column elementor-element elementor-element-ee21952\" data-id=\"ee21952\" data-element_type=\"column\">\n\t\t\t<div class=\"elementor-widget-wrap elementor-element-populated\">\n\t\t\t\t\t\t<div class=\"elementor-element elementor-element-0fff645 elementor-widget-divider--view-line elementor-widget elementor-widget-divider\" data-id=\"0fff645\" data-element_type=\"widget\" data-widget_type=\"divider.default\">\n\t\t\t\t<div class=\"elementor-widget-container\">\n\t\t\t\t\t\t\t<div class=\"elementor-divider\">\n\t\t\t<span class=\"elementor-divider-separator\">\n\t\t\t\t\t\t<\/span>\n\t\t<\/div>\n\t\t\t\t\t\t<\/div>\n\t\t\t\t<\/div>\n\t\t\t\t\t<\/div>\n\t\t<\/div>\n\t\t\t\t\t<\/div>\n\t\t<\/section>\n\t\t\t\t<section class=\"elementor-section elementor-top-section elementor-element elementor-element-ff8e9b7 elementor-section-boxed elementor-section-height-default elementor-section-height-default\" data-id=\"ff8e9b7\" data-element_type=\"section\">\n\t\t\t\t\t\t<div class=\"elementor-container elementor-column-gap-default\">\n\t\t\t\t\t<div class=\"elementor-column elementor-col-100 elementor-top-column elementor-element elementor-element-0e27479\" data-id=\"0e27479\" data-element_type=\"column\">\n\t\t\t<div class=\"elementor-widget-wrap elementor-element-populated\">\n\t\t\t\t\t\t<div class=\"elementor-element elementor-element-95bb7b6 elementor-widget elementor-widget-heading\" data-id=\"95bb7b6\" data-element_type=\"widget\" data-widget_type=\"heading.default\">\n\t\t\t\t<div class=\"elementor-widget-container\">\n\t\t\t\t\t<h2 class=\"elementor-heading-title elementor-size-default\">Unser Vorstand\n<\/h2>\t\t\t\t<\/div>\n\t\t\t\t<\/div>\n\t\t\t\t\t<\/div>\n\t\t<\/div>\n\t\t\t\t\t<\/div>\n\t\t<\/section>\n\t\t\t\t<section class=\"elementor-section elementor-top-section elementor-element elementor-element-2b18761 elementor-section-boxed elementor-section-height-default elementor-section-height-default\" data-id=\"2b18761\" data-element_type=\"section\">\n\t\t\t\t\t\t<div class=\"elementor-container elementor-column-gap-default\">\n\t\t\t\t\t<div class=\"elementor-column elementor-col-33 elementor-top-column elementor-element elementor-element-016cc2c\" data-id=\"016cc2c\" data-element_type=\"column\">\n\t\t\t<div class=\"elementor-widget-wrap elementor-element-populated\">\n\t\t\t\t\t\t<section class=\"elementor-section elementor-inner-section elementor-element elementor-element-602d9ba elementor-section-boxed elementor-section-height-default elementor-section-height-default\" data-id=\"602d9ba\" data-element_type=\"section\">\n\t\t\t\t\t\t<div class=\"elementor-container elementor-column-gap-default\">\n\t\t\t\t\t<div class=\"elementor-column elementor-col-50 elementor-inner-column elementor-element elementor-element-698a95e\" data-id=\"698a95e\" data-element_type=\"column\">\n\t\t\t<div class=\"elementor-widget-wrap elementor-element-populated\">\n\t\t\t\t\t\t<div class=\"elementor-element elementor-element-3eab953 elementor-widget elementor-widget-text-editor\" data-id=\"3eab953\" data-element_type=\"widget\" data-widget_type=\"text-editor.default\">\n\t\t\t\t<div class=\"elementor-widget-container\">\n\t\t\t\t\t\t\t\t\t<p><strong>Angelina Scherrer<\/strong><\/p><p>Co-Pr\u00e4sidentin<\/p><p>Finanzen &amp; Sponsoring<\/p>\t\t\t\t\t\t\t\t<\/div>\n\t\t\t\t<\/div>\n\t\t\t\t\t<\/div>\n\t\t<\/div>\n\t\t\t\t<div class=\"elementor-column elementor-col-50 elementor-inner-column elementor-element elementor-element-7e971e1\" data-id=\"7e971e1\" data-element_type=\"column\">\n\t\t\t<div class=\"elementor-widget-wrap elementor-element-populated\">\n\t\t\t\t\t\t<div class=\"elementor-element elementor-element-550b472 elementor-widget elementor-widget-image\" data-id=\"550b472\" data-element_type=\"widget\" data-widget_type=\"image.default\">\n\t\t\t\t<div class=\"elementor-widget-container\">\n\t\t\t\t\t\t\t\t\t\t\t\t\t\t\t<img decoding=\"async\" width=\"682\" height=\"1024\" src=\"https:\/\/chorvokal.ch\/wp-content\/uploads\/2023\/06\/Angelina-682x1024.jpg\" class=\"attachment-large size-large wp-image-551\" alt=\"\" srcset=\"https:\/\/chorvokal.ch\/wp-content\/uploads\/2023\/06\/Angelina-682x1024.jpg 682w, https:\/\/chorvokal.ch\/wp-content\/uploads\/2023\/06\/Angelina-200x300.jpg 200w, https:\/\/chorvokal.ch\/wp-content\/uploads\/2023\/06\/Angelina-768x1152.jpg 768w, https:\/\/chorvokal.ch\/wp-content\/uploads\/2023\/06\/Angelina-1024x1536.jpg 1024w, https:\/\/chorvokal.ch\/wp-content\/uploads\/2023\/06\/Angelina-1365x2048.jpg 1365w, https:\/\/chorvokal.ch\/wp-content\/uploads\/2023\/06\/Angelina-scaled.jpg 1706w\" sizes=\"(max-width: 682px) 100vw, 682px\" \/>\t\t\t\t\t\t\t\t\t\t\t\t\t\t\t<\/div>\n\t\t\t\t<\/div>\n\t\t\t\t\t<\/div>\n\t\t<\/div>\n\t\t\t\t\t<\/div>\n\t\t<\/section>\n\t\t\t\t\t<\/div>\n\t\t<\/div>\n\t\t\t\t<div class=\"elementor-column elementor-col-33 elementor-top-column elementor-element elementor-element-5ed7159\" data-id=\"5ed7159\" data-element_type=\"column\">\n\t\t\t<div class=\"elementor-widget-wrap elementor-element-populated\">\n\t\t\t\t\t\t<section class=\"elementor-section elementor-inner-section elementor-element elementor-element-2fb35bb elementor-section-boxed elementor-section-height-default elementor-section-height-default\" data-id=\"2fb35bb\" data-element_type=\"section\">\n\t\t\t\t\t\t<div class=\"elementor-container elementor-column-gap-default\">\n\t\t\t\t\t<div class=\"elementor-column elementor-col-50 elementor-inner-column elementor-element elementor-element-3ad8b17\" data-id=\"3ad8b17\" data-element_type=\"column\">\n\t\t\t<div class=\"elementor-widget-wrap elementor-element-populated\">\n\t\t\t\t\t\t<div class=\"elementor-element elementor-element-1e19d95 elementor-widget elementor-widget-text-editor\" data-id=\"1e19d95\" data-element_type=\"widget\" data-widget_type=\"text-editor.default\">\n\t\t\t\t<div class=\"elementor-widget-container\">\n\t\t\t\t\t\t\t\t\t<p><strong>Katharina Jud<\/strong><\/p><p>Co-Pr\u00e4sidentin<\/p><p>Musikalische Leitung<\/p>\t\t\t\t\t\t\t\t<\/div>\n\t\t\t\t<\/div>\n\t\t\t\t\t<\/div>\n\t\t<\/div>\n\t\t\t\t<div class=\"elementor-column elementor-col-50 elementor-inner-column elementor-element elementor-element-b09b85f\" data-id=\"b09b85f\" data-element_type=\"column\">\n\t\t\t<div class=\"elementor-widget-wrap elementor-element-populated\">\n\t\t\t\t\t\t<div class=\"elementor-element elementor-element-0b13952 elementor-widget elementor-widget-image\" data-id=\"0b13952\" data-element_type=\"widget\" data-widget_type=\"image.default\">\n\t\t\t\t<div class=\"elementor-widget-container\">\n\t\t\t\t\t\t\t\t\t\t\t\t\t\t\t<img decoding=\"async\" width=\"683\" height=\"1024\" src=\"https:\/\/chorvokal.ch\/wp-content\/uploads\/2023\/06\/Katharina-klein-683x1024.jpg\" class=\"attachment-large size-large wp-image-552\" alt=\"\" srcset=\"https:\/\/chorvokal.ch\/wp-content\/uploads\/2023\/06\/Katharina-klein-683x1024.jpg 683w, https:\/\/chorvokal.ch\/wp-content\/uploads\/2023\/06\/Katharina-klein-200x300.jpg 200w, https:\/\/chorvokal.ch\/wp-content\/uploads\/2023\/06\/Katharina-klein-768x1152.jpg 768w, https:\/\/chorvokal.ch\/wp-content\/uploads\/2023\/06\/Katharina-klein-1024x1536.jpg 1024w, https:\/\/chorvokal.ch\/wp-content\/uploads\/2023\/06\/Katharina-klein-1365x2048.jpg 1365w, https:\/\/chorvokal.ch\/wp-content\/uploads\/2023\/06\/Katharina-klein-scaled.jpg 1707w\" sizes=\"(max-width: 683px) 100vw, 683px\" \/>\t\t\t\t\t\t\t\t\t\t\t\t\t\t\t<\/div>\n\t\t\t\t<\/div>\n\t\t\t\t\t<\/div>\n\t\t<\/div>\n\t\t\t\t\t<\/div>\n\t\t<\/section>\n\t\t\t\t\t<\/div>\n\t\t<\/div>\n\t\t\t\t<div class=\"elementor-column elementor-col-33 elementor-top-column elementor-element elementor-element-8f9b976\" data-id=\"8f9b976\" data-element_type=\"column\">\n\t\t\t<div class=\"elementor-widget-wrap elementor-element-populated\">\n\t\t\t\t\t\t<section class=\"elementor-section elementor-inner-section elementor-element elementor-element-8a61148 elementor-section-boxed elementor-section-height-default elementor-section-height-default\" data-id=\"8a61148\" data-element_type=\"section\">\n\t\t\t\t\t\t<div class=\"elementor-container elementor-column-gap-default\">\n\t\t\t\t\t<div class=\"elementor-column elementor-col-50 elementor-inner-column elementor-element elementor-element-c5da35c\" data-id=\"c5da35c\" data-element_type=\"column\">\n\t\t\t<div class=\"elementor-widget-wrap elementor-element-populated\">\n\t\t\t\t\t\t<div class=\"elementor-element elementor-element-a1750f7 elementor-widget elementor-widget-text-editor\" data-id=\"a1750f7\" data-element_type=\"widget\" data-widget_type=\"text-editor.default\">\n\t\t\t\t<div class=\"elementor-widget-container\">\n\t\t\t\t\t\t\t\t\t<p><strong>Leo Filipovic<\/strong><\/p><p>Aktuar<\/p>\t\t\t\t\t\t\t\t<\/div>\n\t\t\t\t<\/div>\n\t\t\t\t\t<\/div>\n\t\t<\/div>\n\t\t\t\t<div class=\"elementor-column elementor-col-50 elementor-inner-column elementor-element elementor-element-e1beaac\" data-id=\"e1beaac\" data-element_type=\"column\">\n\t\t\t<div class=\"elementor-widget-wrap elementor-element-populated\">\n\t\t\t\t\t\t<div class=\"elementor-element elementor-element-8a02201 elementor-widget elementor-widget-image\" data-id=\"8a02201\" data-element_type=\"widget\" data-widget_type=\"image.default\">\n\t\t\t\t<div class=\"elementor-widget-container\">\n\t\t\t\t\t\t\t\t\t\t\t\t\t\t\t<img loading=\"lazy\" decoding=\"async\" width=\"682\" height=\"1024\" src=\"https:\/\/chorvokal.ch\/wp-content\/uploads\/2023\/06\/Leo-682x1024.jpg\" class=\"attachment-large size-large wp-image-553\" alt=\"\" srcset=\"https:\/\/chorvokal.ch\/wp-content\/uploads\/2023\/06\/Leo-682x1024.jpg 682w, https:\/\/chorvokal.ch\/wp-content\/uploads\/2023\/06\/Leo-200x300.jpg 200w, https:\/\/chorvokal.ch\/wp-content\/uploads\/2023\/06\/Leo-768x1152.jpg 768w, https:\/\/chorvokal.ch\/wp-content\/uploads\/2023\/06\/Leo-1024x1536.jpg 1024w, https:\/\/chorvokal.ch\/wp-content\/uploads\/2023\/06\/Leo-1365x2048.jpg 1365w, https:\/\/chorvokal.ch\/wp-content\/uploads\/2023\/06\/Leo-scaled.jpg 1706w\" sizes=\"(max-width: 682px) 100vw, 682px\" \/>\t\t\t\t\t\t\t\t\t\t\t\t\t\t\t<\/div>\n\t\t\t\t<\/div>\n\t\t\t\t\t<\/div>\n\t\t<\/div>\n\t\t\t\t\t<\/div>\n\t\t<\/section>\n\t\t\t\t\t<\/div>\n\t\t<\/div>\n\t\t\t\t\t<\/div>\n\t\t<\/section>\n\t\t\t\t<section class=\"elementor-section elementor-top-section elementor-element elementor-element-20d6f66 elementor-section-boxed elementor-section-height-default elementor-section-height-default\" data-id=\"20d6f66\" data-element_type=\"section\">\n\t\t\t\t\t\t<div class=\"elementor-container elementor-column-gap-default\">\n\t\t\t\t\t<div class=\"elementor-column elementor-col-33 elementor-top-column elementor-element elementor-element-3fac9cb\" data-id=\"3fac9cb\" data-element_type=\"column\">\n\t\t\t<div class=\"elementor-widget-wrap elementor-element-populated\">\n\t\t\t\t\t\t<section class=\"elementor-section elementor-inner-section elementor-element elementor-element-c953b21 elementor-section-boxed elementor-section-height-default elementor-section-height-default\" data-id=\"c953b21\" data-element_type=\"section\">\n\t\t\t\t\t\t<div class=\"elementor-container elementor-column-gap-default\">\n\t\t\t\t\t<div class=\"elementor-column elementor-col-50 elementor-inner-column elementor-element elementor-element-93605ff\" data-id=\"93605ff\" data-element_type=\"column\">\n\t\t\t<div class=\"elementor-widget-wrap elementor-element-populated\">\n\t\t\t\t\t\t<div class=\"elementor-element elementor-element-9396674 elementor-widget elementor-widget-text-editor\" data-id=\"9396674\" data-element_type=\"widget\" data-widget_type=\"text-editor.default\">\n\t\t\t\t<div class=\"elementor-widget-container\">\n\t\t\t\t\t\t\t\t\t<p><strong>Jan Zwahlen<\/strong><\/p><p>Medien &amp; Marketing<\/p>\t\t\t\t\t\t\t\t<\/div>\n\t\t\t\t<\/div>\n\t\t\t\t\t<\/div>\n\t\t<\/div>\n\t\t\t\t<div class=\"elementor-column elementor-col-50 elementor-inner-column elementor-element elementor-element-47747bf\" data-id=\"47747bf\" data-element_type=\"column\">\n\t\t\t<div class=\"elementor-widget-wrap elementor-element-populated\">\n\t\t\t\t\t\t<div class=\"elementor-element elementor-element-7ba6210 elementor-widget elementor-widget-image\" data-id=\"7ba6210\" data-element_type=\"widget\" data-widget_type=\"image.default\">\n\t\t\t\t<div class=\"elementor-widget-container\">\n\t\t\t\t\t\t\t\t\t\t\t\t\t\t\t<img loading=\"lazy\" decoding=\"async\" width=\"683\" height=\"1024\" src=\"https:\/\/chorvokal.ch\/wp-content\/uploads\/2023\/06\/Jan-683x1024.jpg\" class=\"attachment-large size-large wp-image-554\" alt=\"\" srcset=\"https:\/\/chorvokal.ch\/wp-content\/uploads\/2023\/06\/Jan-683x1024.jpg 683w, https:\/\/chorvokal.ch\/wp-content\/uploads\/2023\/06\/Jan-200x300.jpg 200w, https:\/\/chorvokal.ch\/wp-content\/uploads\/2023\/06\/Jan-768x1152.jpg 768w, https:\/\/chorvokal.ch\/wp-content\/uploads\/2023\/06\/Jan-1024x1536.jpg 1024w, https:\/\/chorvokal.ch\/wp-content\/uploads\/2023\/06\/Jan-1365x2048.jpg 1365w, https:\/\/chorvokal.ch\/wp-content\/uploads\/2023\/06\/Jan-scaled.jpg 1706w\" sizes=\"(max-width: 683px) 100vw, 683px\" \/>\t\t\t\t\t\t\t\t\t\t\t\t\t\t\t<\/div>\n\t\t\t\t<\/div>\n\t\t\t\t\t<\/div>\n\t\t<\/div>\n\t\t\t\t\t<\/div>\n\t\t<\/section>\n\t\t\t\t\t<\/div>\n\t\t<\/div>\n\t\t\t\t<div class=\"elementor-column elementor-col-33 elementor-top-column elementor-element elementor-element-4c2b6d3\" data-id=\"4c2b6d3\" data-element_type=\"column\">\n\t\t\t<div class=\"elementor-widget-wrap elementor-element-populated\">\n\t\t\t\t\t\t<section class=\"elementor-section elementor-inner-section elementor-element elementor-element-4cfc561 elementor-section-boxed elementor-section-height-default elementor-section-height-default\" data-id=\"4cfc561\" data-element_type=\"section\">\n\t\t\t\t\t\t<div class=\"elementor-container elementor-column-gap-default\">\n\t\t\t\t\t<div class=\"elementor-column elementor-col-50 elementor-inner-column elementor-element elementor-element-045738e\" data-id=\"045738e\" data-element_type=\"column\">\n\t\t\t<div class=\"elementor-widget-wrap elementor-element-populated\">\n\t\t\t\t\t\t<div class=\"elementor-element elementor-element-995024e elementor-widget elementor-widget-text-editor\" data-id=\"995024e\" data-element_type=\"widget\" data-widget_type=\"text-editor.default\">\n\t\t\t\t<div class=\"elementor-widget-container\">\n\t\t\t\t\t\t\t\t\t<p><strong>Eva W\u00fcrth<\/strong><\/p><p>Verpflegung &amp; Allrounderin<\/p>\t\t\t\t\t\t\t\t<\/div>\n\t\t\t\t<\/div>\n\t\t\t\t\t<\/div>\n\t\t<\/div>\n\t\t\t\t<div class=\"elementor-column elementor-col-50 elementor-inner-column elementor-element elementor-element-587b6ec\" data-id=\"587b6ec\" data-element_type=\"column\">\n\t\t\t<div class=\"elementor-widget-wrap elementor-element-populated\">\n\t\t\t\t\t\t<div class=\"elementor-element elementor-element-e6fddf4 elementor-widget elementor-widget-image\" data-id=\"e6fddf4\" data-element_type=\"widget\" data-widget_type=\"image.default\">\n\t\t\t\t<div class=\"elementor-widget-container\">\n\t\t\t\t\t\t\t\t\t\t\t\t\t\t\t<img loading=\"lazy\" decoding=\"async\" width=\"816\" height=\"1024\" src=\"https:\/\/chorvokal.ch\/wp-content\/uploads\/2023\/06\/Eva-816x1024.jpeg\" class=\"attachment-large size-large wp-image-555\" alt=\"\" srcset=\"https:\/\/chorvokal.ch\/wp-content\/uploads\/2023\/06\/Eva-816x1024.jpeg 816w, https:\/\/chorvokal.ch\/wp-content\/uploads\/2023\/06\/Eva-239x300.jpeg 239w, https:\/\/chorvokal.ch\/wp-content\/uploads\/2023\/06\/Eva-768x964.jpeg 768w, https:\/\/chorvokal.ch\/wp-content\/uploads\/2023\/06\/Eva.jpeg 1020w\" sizes=\"(max-width: 816px) 100vw, 816px\" \/>\t\t\t\t\t\t\t\t\t\t\t\t\t\t\t<\/div>\n\t\t\t\t<\/div>\n\t\t\t\t\t<\/div>\n\t\t<\/div>\n\t\t\t\t\t<\/div>\n\t\t<\/section>\n\t\t\t\t\t<\/div>\n\t\t<\/div>\n\t\t\t\t<div class=\"elementor-column elementor-col-33 elementor-top-column elementor-element elementor-element-a69da87\" data-id=\"a69da87\" data-element_type=\"column\">\n\t\t\t<div class=\"elementor-widget-wrap\">\n\t\t\t\t\t\t\t<\/div>\n\t\t<\/div>\n\t\t\t\t\t<\/div>\n\t\t<\/section>\n\t\t\t\t<section class=\"elementor-section elementor-top-section elementor-element elementor-element-1c082ec elementor-section-boxed elementor-section-height-default elementor-section-height-default\" data-id=\"1c082ec\" data-element_type=\"section\">\n\t\t\t\t\t\t<div class=\"elementor-container elementor-column-gap-default\">\n\t\t\t\t\t<div class=\"elementor-column elementor-col-100 elementor-top-column elementor-element elementor-element-18f5da1\" data-id=\"18f5da1\" data-element_type=\"column\">\n\t\t\t<div class=\"elementor-widget-wrap elementor-element-populated\">\n\t\t\t\t\t\t<div class=\"elementor-element elementor-element-56ed332 elementor-widget-divider--view-line elementor-widget elementor-widget-divider\" data-id=\"56ed332\" data-element_type=\"widget\" data-widget_type=\"divider.default\">\n\t\t\t\t<div class=\"elementor-widget-container\">\n\t\t\t\t\t\t\t<div class=\"elementor-divider\">\n\t\t\t<span class=\"elementor-divider-separator\">\n\t\t\t\t\t\t<\/span>\n\t\t<\/div>\n\t\t\t\t\t\t<\/div>\n\t\t\t\t<\/div>\n\t\t\t\t\t<\/div>\n\t\t<\/div>\n\t\t\t\t\t<\/div>\n\t\t<\/section>\n\t\t\t\t<section class=\"elementor-section elementor-top-section elementor-element elementor-element-4e5b326 elementor-section-boxed elementor-section-height-default elementor-section-height-default\" data-id=\"4e5b326\" data-element_type=\"section\">\n\t\t\t\t\t\t<div class=\"elementor-container elementor-column-gap-default\">\n\t\t\t\t\t<div class=\"elementor-column elementor-col-100 elementor-top-column elementor-element elementor-element-8fec28b\" data-id=\"8fec28b\" data-element_type=\"column\">\n\t\t\t<div class=\"elementor-widget-wrap elementor-element-populated\">\n\t\t\t\t\t\t<div class=\"elementor-element elementor-element-f73863f elementor-widget elementor-widget-heading\" data-id=\"f73863f\" data-element_type=\"widget\" data-widget_type=\"heading.default\">\n\t\t\t\t<div class=\"elementor-widget-container\">\n\t\t\t\t\t<h2 class=\"elementor-heading-title elementor-size-default\">Vergangene Projekte<\/h2>\t\t\t\t<\/div>\n\t\t\t\t<\/div>\n\t\t\t\t\t<\/div>\n\t\t<\/div>\n\t\t\t\t\t<\/div>\n\t\t<\/section>\n\t\t\t\t<section class=\"elementor-section elementor-top-section elementor-element elementor-element-45ed48c elementor-section-boxed elementor-section-height-default elementor-section-height-default\" data-id=\"45ed48c\" data-element_type=\"section\">\n\t\t\t\t\t\t<div class=\"elementor-container elementor-column-gap-default\">\n\t\t\t\t\t<div class=\"elementor-column elementor-col-33 elementor-top-column elementor-element elementor-element-432060b\" data-id=\"432060b\" data-element_type=\"column\">\n\t\t\t<div class=\"elementor-widget-wrap elementor-element-populated\">\n\t\t\t\t\t\t<div class=\"elementor-element elementor-element-4c2a0e1 animated-slow elementor-widget elementor-widget-text-editor\" data-id=\"4c2a0e1\" data-element_type=\"widget\" data-settings=\"{&quot;_animation&quot;:&quot;none&quot;,&quot;_animation_mobile&quot;:&quot;none&quot;,&quot;_animation_delay&quot;:100}\" data-widget_type=\"text-editor.default\">\n\t\t\t\t<div class=\"elementor-widget-container\">\n\t\t\t\t\t\t\t\t\t<h4><strong>2025<\/strong><\/h4>\n<p><strong>Songs About Us<br><\/strong>Gesang und Tanz in Zusammenarbeit mit dem Panorama Dance Theatre, Auff\u00fchrungen in St. Fiden, Herisau und Teufen<\/p>\n<p><strong>St. Galler Chornacht<\/strong><br>Durchf\u00fchrung der dritten St. Galler Chornacht mit dem Programm \u00abN\u00e4chtliches Universum\u00bb<\/p>\n<p><strong>Weihnachtskonzerte<br><\/strong>Nordische Weihnachtsmusik mit dem Nyckelharpaspieler Filip Rekie\u0107 in der Kirche St. Sebastian in Henau und St. Mangen in St. Gallen<\/p>\t\t\t\t\t\t\t\t<\/div>\n\t\t\t\t<\/div>\n\t\t\t\t\t<\/div>\n\t\t<\/div>\n\t\t\t\t<div class=\"elementor-column elementor-col-33 elementor-top-column elementor-element elementor-element-35a8740\" data-id=\"35a8740\" data-element_type=\"column\">\n\t\t\t<div class=\"elementor-widget-wrap elementor-element-populated\">\n\t\t\t\t\t\t<div class=\"elementor-element elementor-element-b68ab7d animated-slow elementor-widget elementor-widget-text-editor\" data-id=\"b68ab7d\" data-element_type=\"widget\" data-settings=\"{&quot;_animation&quot;:&quot;none&quot;,&quot;_animation_mobile&quot;:&quot;none&quot;,&quot;_animation_delay&quot;:100}\" data-widget_type=\"text-editor.default\">\n\t\t\t\t<div class=\"elementor-widget-container\">\n\t\t\t\t\t\t\t\t\t<h4><strong>2024<\/strong><\/h4><p><strong>To the Field of Stars<br \/><\/strong>Eine Pilgerreise auf dem Jakobsweg zu Santiago de Compostela mit Gabriel Jacksons \u00abTo the Field of Stars\u00bb\u00a0 und St\u00fccken aus der spanischen Renaissance in Zusammenarbeit mit dem St. Galler Kammerchor, Konzerte in Rorschach und St. Gallen<\/p><p><strong>Weihnachtskonzerte<br \/><\/strong>Unter dem Thema \u00abI Wonder as I Wander\u00bb mit Konzerten in Henau und St. Gallen<\/p>\t\t\t\t\t\t\t\t<\/div>\n\t\t\t\t<\/div>\n\t\t\t\t\t<\/div>\n\t\t<\/div>\n\t\t\t\t<div class=\"elementor-column elementor-col-33 elementor-top-column elementor-element elementor-element-3e42722\" data-id=\"3e42722\" data-element_type=\"column\">\n\t\t\t<div class=\"elementor-widget-wrap elementor-element-populated\">\n\t\t\t\t\t\t<div class=\"elementor-element elementor-element-fcc5607 animated-slow elementor-widget elementor-widget-text-editor\" data-id=\"fcc5607\" data-element_type=\"widget\" data-settings=\"{&quot;_animation&quot;:&quot;none&quot;,&quot;_animation_mobile&quot;:&quot;none&quot;,&quot;_animation_delay&quot;:100}\" data-widget_type=\"text-editor.default\">\n\t\t\t\t<div class=\"elementor-widget-container\">\n\t\t\t\t\t\t\t\t\t<h4><strong>2023<\/strong><\/h4><p><strong>In the Woods<br \/><\/strong>Ein musikalischer Waldspaziergang mit englischer romantischer Chormusik von Robert Lucas Pearsall, Charles Villiers Stanford, Ralph Vaughan Williams, Edward Elgar und Weiteren, Konzerte in Heiden und St. Gallen<\/p><p><strong>Weihnachtskonzerte<br \/><\/strong>Dieses Jahr zum ersten Mal in der franz\u00f6sischen Kirche in Bern<\/p>\t\t\t\t\t\t\t\t<\/div>\n\t\t\t\t<\/div>\n\t\t\t\t\t<\/div>\n\t\t<\/div>\n\t\t\t\t\t<\/div>\n\t\t<\/section>\n\t\t\t\t<section class=\"elementor-section elementor-top-section elementor-element elementor-element-2c726f3 elementor-section-boxed elementor-section-height-default elementor-section-height-default\" data-id=\"2c726f3\" data-element_type=\"section\">\n\t\t\t\t\t\t<div class=\"elementor-container elementor-column-gap-default\">\n\t\t\t\t\t<div class=\"elementor-column elementor-col-33 elementor-top-column elementor-element elementor-element-e4782e6\" data-id=\"e4782e6\" data-element_type=\"column\">\n\t\t\t<div class=\"elementor-widget-wrap elementor-element-populated\">\n\t\t\t\t\t\t<div class=\"elementor-element elementor-element-37afe3b animated-slow elementor-widget elementor-widget-text-editor\" data-id=\"37afe3b\" data-element_type=\"widget\" data-settings=\"{&quot;_animation&quot;:&quot;none&quot;,&quot;_animation_mobile&quot;:&quot;none&quot;,&quot;_animation_delay&quot;:100}\" data-widget_type=\"text-editor.default\">\n\t\t\t\t<div class=\"elementor-widget-container\">\n\t\t\t\t\t\t\t\t\t<h4><strong>2022<\/strong><\/h4><p><strong> St. Galler Chornacht<br \/><\/strong>Arrangements von Folksliedern aus England, Schottland und Wales<\/p><p><strong>Weihnachtskonzerte<br \/><\/strong>Besinnliche Musik aus dem englischen und deutschen Sprachraum basierend auf dem Motto \u00abVirga Jesse\u00bb<\/p>\t\t\t\t\t\t\t\t<\/div>\n\t\t\t\t<\/div>\n\t\t\t\t\t<\/div>\n\t\t<\/div>\n\t\t\t\t<div class=\"elementor-column elementor-col-33 elementor-top-column elementor-element elementor-element-db7f690\" data-id=\"db7f690\" data-element_type=\"column\">\n\t\t\t<div class=\"elementor-widget-wrap elementor-element-populated\">\n\t\t\t\t\t\t<div class=\"elementor-element elementor-element-e3ce335 elementor-widget elementor-widget-text-editor\" data-id=\"e3ce335\" data-element_type=\"widget\" data-widget_type=\"text-editor.default\">\n\t\t\t\t<div class=\"elementor-widget-container\">\n\t\t\t\t\t\t\t\t\t<h4>2021<\/h4><p><strong>Weihnachtskonzert<br \/><\/strong>Eine Mischung besinnlicher Musik in diversen Sprachen und Stilen<\/p>\t\t\t\t\t\t\t\t<\/div>\n\t\t\t\t<\/div>\n\t\t\t\t\t<\/div>\n\t\t<\/div>\n\t\t\t\t<div class=\"elementor-column elementor-col-33 elementor-top-column elementor-element elementor-element-77c724b\" data-id=\"77c724b\" data-element_type=\"column\">\n\t\t\t<div class=\"elementor-widget-wrap elementor-element-populated\">\n\t\t\t\t\t\t<div class=\"elementor-element elementor-element-91d6ee5 elementor-widget elementor-widget-text-editor\" data-id=\"91d6ee5\" data-element_type=\"widget\" data-widget_type=\"text-editor.default\">\n\t\t\t\t<div class=\"elementor-widget-container\">\n\t\t\t\t\t\t\t\t\t<h4>2019<\/h4><p><strong>St. Galler Chornacht<br \/><\/strong>Kompositionen der Renaissance sowie Ausschnitte aus den \u00abChansons des Roses\u00bb von Morten Lauridsen<\/p><p><strong>Weihnachtskonzert<br \/><\/strong>Englische Weihnachtsmusik, neu arrangierte Weihnachtsklassiker und unbekannte Weihnachtsst\u00fccke<\/p>\t\t\t\t\t\t\t\t<\/div>\n\t\t\t\t<\/div>\n\t\t\t\t\t<\/div>\n\t\t<\/div>\n\t\t\t\t\t<\/div>\n\t\t<\/section>\n\t\t\t\t<section class=\"elementor-section elementor-top-section elementor-element elementor-element-29d1106 elementor-section-boxed elementor-section-height-default elementor-section-height-default\" data-id=\"29d1106\" data-element_type=\"section\">\n\t\t\t\t\t\t<div class=\"elementor-container elementor-column-gap-default\">\n\t\t\t\t\t<div class=\"elementor-column elementor-col-33 elementor-top-column elementor-element elementor-element-d596ca7\" data-id=\"d596ca7\" data-element_type=\"column\">\n\t\t\t<div class=\"elementor-widget-wrap elementor-element-populated\">\n\t\t\t\t\t\t<div class=\"elementor-element elementor-element-ffc1367 elementor-widget elementor-widget-text-editor\" data-id=\"ffc1367\" data-element_type=\"widget\" data-settings=\"{&quot;_animation&quot;:&quot;none&quot;}\" data-widget_type=\"text-editor.default\">\n\t\t\t\t<div class=\"elementor-widget-container\">\n\t\t\t\t\t\t\t\t\t<h4>2018<\/h4><p><strong>Sommerfest<br \/><\/strong>Best-Of vergangener Chor Vokal Projekte mit Gelegenheit zum Mitsingen f\u00fcr die G\u00e4ste<\/p><p><strong>Paulus Oratorium<\/strong><br \/>Auff\u00fchrung des monumentalen Paulus Oratoriums von Mendelssohn in Glarus und St. Gallen in Zusammenarbeit mit dem Glarner Kammerchor und dem Orchester &#8222;le ph\u00e9nix&#8220;<\/p><p><strong>Weihnachtskonzert<\/strong><br \/>Besinnliche Weihnachtskl\u00e4nge von Lauridsen, Rutter, Gorecki, Claas und vielen Weiteren &#8211; nat\u00fcrlich a cappella<\/p>\t\t\t\t\t\t\t\t<\/div>\n\t\t\t\t<\/div>\n\t\t\t\t\t<\/div>\n\t\t<\/div>\n\t\t\t\t<div class=\"elementor-column elementor-col-33 elementor-top-column elementor-element elementor-element-3e5e0fc\" data-id=\"3e5e0fc\" data-element_type=\"column\">\n\t\t\t<div class=\"elementor-widget-wrap elementor-element-populated\">\n\t\t\t\t\t\t<div class=\"elementor-element elementor-element-9a52ae7 elementor-widget elementor-widget-text-editor\" data-id=\"9a52ae7\" data-element_type=\"widget\" data-widget_type=\"text-editor.default\">\n\t\t\t\t<div class=\"elementor-widget-container\">\n\t\t\t\t\t\t\t\t\t<h4>2017<\/h4><p><strong>Gesang der Nacht<br \/><\/strong>Werke von Lili Boulanger, Darius Milhaud, Gabriel Faur\u00e9 sowie Erstauff\u00fchrung einer Auftragskomposition von Selga Mence, in Zusammenarbeit mit &#8222;tacchi alti&#8220;<\/p><p><strong>Weihnachtskonzert<\/strong><br \/>Englische Weihnachtsmusik in Kombination mit Brittens \u00abHymn to St. Cecilia\u00bb<\/p><p>\u00a0<\/p>\t\t\t\t\t\t\t\t<\/div>\n\t\t\t\t<\/div>\n\t\t\t\t\t<\/div>\n\t\t<\/div>\n\t\t\t\t<div class=\"elementor-column elementor-col-33 elementor-top-column elementor-element elementor-element-4945029\" data-id=\"4945029\" data-element_type=\"column\">\n\t\t\t<div class=\"elementor-widget-wrap elementor-element-populated\">\n\t\t\t\t\t\t<div class=\"elementor-element elementor-element-a833dfb elementor-widget elementor-widget-text-editor\" data-id=\"a833dfb\" data-element_type=\"widget\" data-widget_type=\"text-editor.default\">\n\t\t\t\t<div class=\"elementor-widget-container\">\n\t\t\t\t\t\t\t\t\t<h4>2016 und zuvor<\/h4><p><strong>Freud und Leid <br \/><\/strong>Deutsch-Barocke Kompositionen von Heinrich Sch\u00fctz<\/p><p><strong>Birds<br \/><\/strong>Die Vielfalt der Musik aufgezeigt am Thema \u00abV\u00f6gel\u00bb \u2013 komplett a cappella<\/p><p><strong>A Midsummer Night&#8217;s Dream<br \/><\/strong>Vertonungen von Gedichten Shakespeares, komponiert von Matthew Harris und George Shearing<\/p>\t\t\t\t\t\t\t\t<\/div>\n\t\t\t\t<\/div>\n\t\t\t\t\t<\/div>\n\t\t<\/div>\n\t\t\t\t\t<\/div>\n\t\t<\/section>\n\t\t\t\t<section class=\"elementor-section elementor-top-section elementor-element elementor-element-1c1a549 elementor-section-boxed elementor-section-height-default elementor-section-height-default\" data-id=\"1c1a549\" data-element_type=\"section\">\n\t\t\t\t\t\t<div class=\"elementor-container elementor-column-gap-default\">\n\t\t\t\t\t<div class=\"elementor-column elementor-col-100 elementor-top-column elementor-element elementor-element-c8a9e3d\" data-id=\"c8a9e3d\" data-element_type=\"column\">\n\t\t\t<div class=\"elementor-widget-wrap elementor-element-populated\">\n\t\t\t\t\t\t<div class=\"elementor-element elementor-element-bf31a37 elementor-widget-divider--view-line elementor-widget elementor-widget-divider\" data-id=\"bf31a37\" data-element_type=\"widget\" data-widget_type=\"divider.default\">\n\t\t\t\t<div class=\"elementor-widget-container\">\n\t\t\t\t\t\t\t<div class=\"elementor-divider\">\n\t\t\t<span class=\"elementor-divider-separator\">\n\t\t\t\t\t\t<\/span>\n\t\t<\/div>\n\t\t\t\t\t\t<\/div>\n\t\t\t\t<\/div>\n\t\t\t\t\t<\/div>\n\t\t<\/div>\n\t\t\t\t\t<\/div>\n\t\t<\/section>\n\t\t\t\t<section class=\"elementor-section elementor-top-section elementor-element elementor-element-6c12714 elementor-section-boxed elementor-section-height-default elementor-section-height-default\" data-id=\"6c12714\" data-element_type=\"section\">\n\t\t\t\t\t\t<div class=\"elementor-container elementor-column-gap-default\">\n\t\t\t\t\t<div class=\"elementor-column elementor-col-100 elementor-top-column elementor-element elementor-element-1e10e32\" data-id=\"1e10e32\" data-element_type=\"column\">\n\t\t\t<div class=\"elementor-widget-wrap elementor-element-populated\">\n\t\t\t\t\t\t<div class=\"elementor-element elementor-element-c9a6b4f elementor-widget elementor-widget-heading\" data-id=\"c9a6b4f\" data-element_type=\"widget\" data-widget_type=\"heading.default\">\n\t\t\t\t<div class=\"elementor-widget-container\">\n\t\t\t\t\t<h2 class=\"elementor-heading-title elementor-size-default\">Galerie<\/h2>\t\t\t\t<\/div>\n\t\t\t\t<\/div>\n\t\t\t\t\t<\/div>\n\t\t<\/div>\n\t\t\t\t\t<\/div>\n\t\t<\/section>\n\t\t\t\t<section class=\"elementor-section elementor-top-section elementor-element elementor-element-a96c58e elementor-section-boxed elementor-section-height-default elementor-section-height-default\" data-id=\"a96c58e\" data-element_type=\"section\">\n\t\t\t\t\t\t<div class=\"elementor-container elementor-column-gap-default\">\n\t\t\t\t\t<div class=\"elementor-column elementor-col-33 elementor-top-column elementor-element elementor-element-73b307f\" data-id=\"73b307f\" data-element_type=\"column\">\n\t\t\t<div class=\"elementor-widget-wrap elementor-element-populated\">\n\t\t\t\t\t\t<div class=\"elementor-element elementor-element-231644d elementor-widget elementor-widget-image\" data-id=\"231644d\" data-element_type=\"widget\" data-widget_type=\"image.default\">\n\t\t\t\t<div class=\"elementor-widget-container\">\n\t\t\t\t\t\t\t\t\t\t\t\t\t\t\t<img loading=\"lazy\" decoding=\"async\" width=\"1024\" height=\"683\" src=\"https:\/\/chorvokal.ch\/wp-content\/uploads\/2024\/12\/Weihnachten-Chor-Vokal-2024-scaled.jpg\" class=\"attachment-large size-large wp-image-891\" alt=\"\" srcset=\"https:\/\/chorvokal.ch\/wp-content\/uploads\/2024\/12\/Weihnachten-Chor-Vokal-2024-scaled.jpg 2560w, https:\/\/chorvokal.ch\/wp-content\/uploads\/2024\/12\/Weihnachten-Chor-Vokal-2024-300x200.jpg 300w\" sizes=\"(max-width: 1024px) 100vw, 1024px\" \/>\t\t\t\t\t\t\t\t\t\t\t\t\t\t\t<\/div>\n\t\t\t\t<\/div>\n\t\t\t\t\t<\/div>\n\t\t<\/div>\n\t\t\t\t<div class=\"elementor-column elementor-col-33 elementor-top-column elementor-element elementor-element-ccc84a8\" data-id=\"ccc84a8\" data-element_type=\"column\">\n\t\t\t<div class=\"elementor-widget-wrap elementor-element-populated\">\n\t\t\t\t\t\t<div class=\"elementor-element elementor-element-de96ef5 elementor-widget elementor-widget-image\" data-id=\"de96ef5\" data-element_type=\"widget\" data-widget_type=\"image.default\">\n\t\t\t\t<div class=\"elementor-widget-container\">\n\t\t\t\t\t\t\t\t\t\t\t\t\t\t\t<img loading=\"lazy\" decoding=\"async\" width=\"800\" height=\"450\" src=\"https:\/\/chorvokal.ch\/wp-content\/uploads\/2024\/11\/Weihnachten-Chor-Vokal.jpg\" class=\"attachment-2048x2048 size-2048x2048 wp-image-885\" alt=\"\" srcset=\"https:\/\/chorvokal.ch\/wp-content\/uploads\/2024\/11\/Weihnachten-Chor-Vokal.jpg 800w, https:\/\/chorvokal.ch\/wp-content\/uploads\/2024\/11\/Weihnachten-Chor-Vokal-300x169.jpg 300w, https:\/\/chorvokal.ch\/wp-content\/uploads\/2024\/11\/Weihnachten-Chor-Vokal-768x432.jpg 768w\" sizes=\"(max-width: 800px) 100vw, 800px\" \/>\t\t\t\t\t\t\t\t\t\t\t\t\t\t\t<\/div>\n\t\t\t\t<\/div>\n\t\t\t\t\t<\/div>\n\t\t<\/div>\n\t\t\t\t<div class=\"elementor-column elementor-col-33 elementor-top-column elementor-element elementor-element-fca0919\" data-id=\"fca0919\" data-element_type=\"column\">\n\t\t\t<div class=\"elementor-widget-wrap elementor-element-populated\">\n\t\t\t\t\t\t<div class=\"elementor-element elementor-element-1d43a30 elementor-widget elementor-widget-image\" data-id=\"1d43a30\" data-element_type=\"widget\" data-widget_type=\"image.default\">\n\t\t\t\t<div class=\"elementor-widget-container\">\n\t\t\t\t\t\t\t\t\t\t\t\t\t\t\t<img loading=\"lazy\" decoding=\"async\" width=\"1024\" height=\"683\" src=\"https:\/\/chorvokal.ch\/wp-content\/uploads\/2023\/02\/DSC01553-1024x683.jpg\" class=\"attachment-large size-large wp-image-517\" alt=\"\" srcset=\"https:\/\/chorvokal.ch\/wp-content\/uploads\/2023\/02\/DSC01553-1024x683.jpg 1024w, https:\/\/chorvokal.ch\/wp-content\/uploads\/2023\/02\/DSC01553-300x200.jpg 300w, https:\/\/chorvokal.ch\/wp-content\/uploads\/2023\/02\/DSC01553-768x512.jpg 768w, https:\/\/chorvokal.ch\/wp-content\/uploads\/2023\/02\/DSC01553-1536x1024.jpg 1536w, https:\/\/chorvokal.ch\/wp-content\/uploads\/2023\/02\/DSC01553-2048x1365.jpg 2048w\" sizes=\"(max-width: 1024px) 100vw, 1024px\" \/>\t\t\t\t\t\t\t\t\t\t\t\t\t\t\t<\/div>\n\t\t\t\t<\/div>\n\t\t\t\t\t<\/div>\n\t\t<\/div>\n\t\t\t\t\t<\/div>\n\t\t<\/section>\n\t\t\t\t<section class=\"elementor-section elementor-top-section elementor-element elementor-element-fa50758 elementor-section-boxed elementor-section-height-default elementor-section-height-default\" data-id=\"fa50758\" data-element_type=\"section\">\n\t\t\t\t\t\t<div class=\"elementor-container elementor-column-gap-default\">\n\t\t\t\t\t<div class=\"elementor-column elementor-col-33 elementor-top-column elementor-element elementor-element-fa5833e\" data-id=\"fa5833e\" data-element_type=\"column\">\n\t\t\t<div class=\"elementor-widget-wrap elementor-element-populated\">\n\t\t\t\t\t\t<div class=\"elementor-element elementor-element-49dffa2 elementor-widget elementor-widget-image\" data-id=\"49dffa2\" data-element_type=\"widget\" data-widget_type=\"image.default\">\n\t\t\t\t<div class=\"elementor-widget-container\">\n\t\t\t\t\t\t\t\t\t\t\t\t\t\t\t<img loading=\"lazy\" decoding=\"async\" width=\"1024\" height=\"633\" src=\"https:\/\/chorvokal.ch\/wp-content\/uploads\/2023\/05\/Aktuelles-Foto-1024x633.jpeg\" class=\"attachment-large size-large wp-image-531\" alt=\"\" srcset=\"https:\/\/chorvokal.ch\/wp-content\/uploads\/2023\/05\/Aktuelles-Foto-1024x633.jpeg 1024w, https:\/\/chorvokal.ch\/wp-content\/uploads\/2023\/05\/Aktuelles-Foto-300x185.jpeg 300w, https:\/\/chorvokal.ch\/wp-content\/uploads\/2023\/05\/Aktuelles-Foto-768x475.jpeg 768w, https:\/\/chorvokal.ch\/wp-content\/uploads\/2023\/05\/Aktuelles-Foto-1536x949.jpeg 1536w, https:\/\/chorvokal.ch\/wp-content\/uploads\/2023\/05\/Aktuelles-Foto-2048x1266.jpeg 2048w\" sizes=\"(max-width: 1024px) 100vw, 1024px\" \/>\t\t\t\t\t\t\t\t\t\t\t\t\t\t\t<\/div>\n\t\t\t\t<\/div>\n\t\t\t\t\t<\/div>\n\t\t<\/div>\n\t\t\t\t<div class=\"elementor-column elementor-col-33 elementor-top-column elementor-element elementor-element-2c9eb44\" data-id=\"2c9eb44\" data-element_type=\"column\">\n\t\t\t<div class=\"elementor-widget-wrap elementor-element-populated\">\n\t\t\t\t\t\t<div class=\"elementor-element elementor-element-a65f998 elementor-widget elementor-widget-image\" data-id=\"a65f998\" data-element_type=\"widget\" data-widget_type=\"image.default\">\n\t\t\t\t<div class=\"elementor-widget-container\">\n\t\t\t\t\t\t\t\t\t\t\t\t\t\t\t<img loading=\"lazy\" decoding=\"async\" width=\"1024\" height=\"682\" src=\"https:\/\/chorvokal.ch\/wp-content\/uploads\/2023\/06\/Foto-Schnee-1024x682.png\" class=\"attachment-large size-large wp-image-604\" alt=\"\" srcset=\"https:\/\/chorvokal.ch\/wp-content\/uploads\/2023\/06\/Foto-Schnee-1024x682.png 1024w, https:\/\/chorvokal.ch\/wp-content\/uploads\/2023\/06\/Foto-Schnee-300x200.png 300w, https:\/\/chorvokal.ch\/wp-content\/uploads\/2023\/06\/Foto-Schnee-768x512.png 768w, https:\/\/chorvokal.ch\/wp-content\/uploads\/2023\/06\/Foto-Schnee.png 1087w\" sizes=\"(max-width: 1024px) 100vw, 1024px\" \/>\t\t\t\t\t\t\t\t\t\t\t\t\t\t\t<\/div>\n\t\t\t\t<\/div>\n\t\t\t\t\t<\/div>\n\t\t<\/div>\n\t\t\t\t<div class=\"elementor-column elementor-col-33 elementor-top-column elementor-element elementor-element-d57e9cf\" data-id=\"d57e9cf\" data-element_type=\"column\">\n\t\t\t<div class=\"elementor-widget-wrap elementor-element-populated\">\n\t\t\t\t\t\t<div class=\"elementor-element elementor-element-f7e1650 elementor-widget elementor-widget-image\" data-id=\"f7e1650\" data-element_type=\"widget\" data-widget_type=\"image.default\">\n\t\t\t\t<div class=\"elementor-widget-container\">\n\t\t\t\t\t\t\t\t\t\t\t\t\t\t\t<img loading=\"lazy\" decoding=\"async\" width=\"903\" height=\"602\" src=\"https:\/\/chorvokal.ch\/wp-content\/uploads\/2023\/06\/Singen-Fluegel.jpg\" class=\"attachment-large size-large wp-image-607\" alt=\"\" srcset=\"https:\/\/chorvokal.ch\/wp-content\/uploads\/2023\/06\/Singen-Fluegel.jpg 903w, https:\/\/chorvokal.ch\/wp-content\/uploads\/2023\/06\/Singen-Fluegel-300x200.jpg 300w, https:\/\/chorvokal.ch\/wp-content\/uploads\/2023\/06\/Singen-Fluegel-768x512.jpg 768w\" sizes=\"(max-width: 903px) 100vw, 903px\" \/>\t\t\t\t\t\t\t\t\t\t\t\t\t\t\t<\/div>\n\t\t\t\t<\/div>\n\t\t\t\t\t<\/div>\n\t\t<\/div>\n\t\t\t\t\t<\/div>\n\t\t<\/section>\n\t\t\t\t<section class=\"elementor-section elementor-top-section elementor-element elementor-element-78122f6 elementor-section-boxed elementor-section-height-default elementor-section-height-default\" data-id=\"78122f6\" data-element_type=\"section\">\n\t\t\t\t\t\t<div class=\"elementor-container elementor-column-gap-default\">\n\t\t\t\t\t<div class=\"elementor-column elementor-col-100 elementor-top-column elementor-element elementor-element-d1dd4ec\" data-id=\"d1dd4ec\" data-element_type=\"column\">\n\t\t\t<div class=\"elementor-widget-wrap elementor-element-populated\">\n\t\t\t\t\t\t<div class=\"elementor-element elementor-element-d53a7d4 elementor-widget-divider--view-line elementor-widget elementor-widget-divider\" data-id=\"d53a7d4\" data-element_type=\"widget\" data-widget_type=\"divider.default\">\n\t\t\t\t<div class=\"elementor-widget-container\">\n\t\t\t\t\t\t\t<div class=\"elementor-divider\">\n\t\t\t<span class=\"elementor-divider-separator\">\n\t\t\t\t\t\t<\/span>\n\t\t<\/div>\n\t\t\t\t\t\t<\/div>\n\t\t\t\t<\/div>\n\t\t\t\t\t<\/div>\n\t\t<\/div>\n\t\t\t\t\t<\/div>\n\t\t<\/section>\n\t\t\t\t<section class=\"elementor-section elementor-top-section elementor-element elementor-element-2bd1f3f elementor-section-boxed elementor-section-height-default elementor-section-height-default\" data-id=\"2bd1f3f\" data-element_type=\"section\">\n\t\t\t\t\t\t<div class=\"elementor-container elementor-column-gap-default\">\n\t\t\t\t\t<div class=\"elementor-column elementor-col-100 elementor-top-column elementor-element elementor-element-06fa5e9\" data-id=\"06fa5e9\" data-element_type=\"column\">\n\t\t\t<div class=\"elementor-widget-wrap elementor-element-populated\">\n\t\t\t\t\t\t<div class=\"elementor-element elementor-element-6a5d83f elementor-widget elementor-widget-heading\" data-id=\"6a5d83f\" data-element_type=\"widget\" data-widget_type=\"heading.default\">\n\t\t\t\t<div class=\"elementor-widget-container\">\n\t\t\t\t\t<h2 class=\"elementor-heading-title elementor-size-default\">Aufnahmen<\/h2>\t\t\t\t<\/div>\n\t\t\t\t<\/div>\n\t\t\t\t\t<\/div>\n\t\t<\/div>\n\t\t\t\t\t<\/div>\n\t\t<\/section>\n\t\t\t\t<section class=\"elementor-section elementor-top-section elementor-element elementor-element-2c3ee5b elementor-section-boxed elementor-section-height-default elementor-section-height-default\" data-id=\"2c3ee5b\" data-element_type=\"section\">\n\t\t\t\t\t\t<div class=\"elementor-container elementor-column-gap-default\">\n\t\t\t\t\t<div class=\"elementor-column elementor-col-50 elementor-top-column elementor-element elementor-element-fc8d393\" data-id=\"fc8d393\" data-element_type=\"column\">\n\t\t\t<div class=\"elementor-widget-wrap elementor-element-populated\">\n\t\t\t\t\t\t<div class=\"elementor-element elementor-element-83bad29 elementor-widget elementor-widget-audio\" data-id=\"83bad29\" data-element_type=\"widget\" data-widget_type=\"audio.default\">\n\t\t\t\t<div class=\"elementor-widget-container\">\n\t\t\t\t\t\t\t\t<div class=\"elementor-soundcloud-wrapper\">\n\t\t\t\t<iframe width=\"500\" height=\"200\" frameborder=\"no\" src=\"https:\/\/w.soundcloud.com\/player\/?visual=false&#038;url=https%3A%2F%2Fapi.soundcloud.com%2Ftracks%2F1993851695&#038;show_artwork=true&#038;maxheight=750&#038;maxwidth=500&#038;auto_play=false&#038;buying=false&#038;liking=false&#038;download=false&#038;sharing=false&#038;show_comments=false&#038;show_playcount=false&#038;show_user=false&#038;color\"><\/iframe>\t\t\t<\/div>\n\t\t\t\t\t\t\t<\/div>\n\t\t\t\t<\/div>\n\t\t\t\t<div class=\"elementor-element elementor-element-1fd0a9f elementor-widget elementor-widget-audio\" data-id=\"1fd0a9f\" data-element_type=\"widget\" data-widget_type=\"audio.default\">\n\t\t\t\t<div class=\"elementor-widget-container\">\n\t\t\t\t\t\t\t\t<div class=\"elementor-soundcloud-wrapper\">\n\t\t\t\t<iframe width=\"500\" height=\"200\" frameborder=\"no\" src=\"https:\/\/w.soundcloud.com\/player\/?visual=false&#038;url=https%3A%2F%2Fapi.soundcloud.com%2Ftracks%2F1993858271&#038;show_artwork=true&#038;maxheight=750&#038;maxwidth=500&#038;auto_play=false&#038;buying=false&#038;liking=false&#038;download=false&#038;sharing=false&#038;show_comments=false&#038;show_playcount=false&#038;show_user=false&#038;color\"><\/iframe>\t\t\t<\/div>\n\t\t\t\t\t\t\t<\/div>\n\t\t\t\t<\/div>\n\t\t\t\t\t<\/div>\n\t\t<\/div>\n\t\t\t\t<div class=\"elementor-column elementor-col-50 elementor-top-column elementor-element elementor-element-546963a\" data-id=\"546963a\" data-element_type=\"column\">\n\t\t\t<div class=\"elementor-widget-wrap elementor-element-populated\">\n\t\t\t\t\t\t<div class=\"elementor-element elementor-element-9069269 elementor-widget elementor-widget-audio\" data-id=\"9069269\" data-element_type=\"widget\" data-widget_type=\"audio.default\">\n\t\t\t\t<div class=\"elementor-widget-container\">\n\t\t\t\t\t\t\t\t<div class=\"elementor-soundcloud-wrapper\">\n\t\t\t\t<iframe width=\"500\" height=\"200\" frameborder=\"no\" src=\"https:\/\/w.soundcloud.com\/player\/?visual=false&#038;url=https%3A%2F%2Fapi.soundcloud.com%2Ftracks%2F1993864439&#038;show_artwork=true&#038;maxheight=750&#038;maxwidth=500&#038;auto_play=false&#038;buying=false&#038;liking=false&#038;download=false&#038;sharing=false&#038;show_comments=false&#038;show_playcount=false&#038;show_user=false&#038;color\"><\/iframe>\t\t\t<\/div>\n\t\t\t\t\t\t\t<\/div>\n\t\t\t\t<\/div>\n\t\t\t\t<div class=\"elementor-element elementor-element-eb970f2 elementor-widget elementor-widget-video\" data-id=\"eb970f2\" data-element_type=\"widget\" data-settings=\"{&quot;video_type&quot;:&quot;hosted&quot;,&quot;controls&quot;:&quot;yes&quot;}\" data-widget_type=\"video.default\">\n\t\t\t\t<div class=\"elementor-widget-container\">\n\t\t\t\t\t\t\t<div class=\"e-hosted-video elementor-wrapper elementor-open-inline\">\n\t\t\t\t\t<video class=\"elementor-video\" src=\"https:\/\/chorvokal.ch\/wp-content\/uploads\/2024\/12\/StMangenVideo2022.mp4\" controls=\"\" preload=\"metadata\" controlsList=\"nodownload\"><\/video>\n\t\t\t\t<\/div>\n\t\t\t\t\t\t<\/div>\n\t\t\t\t<\/div>\n\t\t\t\t\t<\/div>\n\t\t<\/div>\n\t\t\t\t\t<\/div>\n\t\t<\/section>\n\t\t\t\t<section class=\"elementor-section elementor-top-section elementor-element elementor-element-2548501 elementor-section-boxed elementor-section-height-default elementor-section-height-default\" data-id=\"2548501\" data-element_type=\"section\">\n\t\t\t\t\t\t<div class=\"elementor-container elementor-column-gap-default\">\n\t\t\t\t\t<div class=\"elementor-column elementor-col-100 elementor-top-column elementor-element elementor-element-0b8e172\" data-id=\"0b8e172\" data-element_type=\"column\">\n\t\t\t<div class=\"elementor-widget-wrap elementor-element-populated\">\n\t\t\t\t\t\t<div class=\"elementor-element elementor-element-84da7c6 elementor-widget-divider--view-line elementor-widget elementor-widget-divider\" data-id=\"84da7c6\" data-element_type=\"widget\" data-widget_type=\"divider.default\">\n\t\t\t\t<div class=\"elementor-widget-container\">\n\t\t\t\t\t\t\t<div class=\"elementor-divider\">\n\t\t\t<span class=\"elementor-divider-separator\">\n\t\t\t\t\t\t<\/span>\n\t\t<\/div>\n\t\t\t\t\t\t<\/div>\n\t\t\t\t<\/div>\n\t\t\t\t\t<\/div>\n\t\t<\/div>\n\t\t\t\t\t<\/div>\n\t\t<\/section>\n\t\t\t\t<section class=\"elementor-section elementor-top-section elementor-element elementor-element-0c87c3c elementor-section-boxed elementor-section-height-default elementor-section-height-default\" data-id=\"0c87c3c\" data-element_type=\"section\">\n\t\t\t\t\t\t<div class=\"elementor-container elementor-column-gap-default\">\n\t\t\t\t\t<div class=\"elementor-column elementor-col-50 elementor-top-column elementor-element elementor-element-d65ec39\" data-id=\"d65ec39\" data-element_type=\"column\">\n\t\t\t<div class=\"elementor-widget-wrap elementor-element-populated\">\n\t\t\t\t\t\t<div class=\"elementor-element elementor-element-9003951 elementor-widget elementor-widget-text-editor\" data-id=\"9003951\" data-element_type=\"widget\" data-widget_type=\"text-editor.default\">\n\t\t\t\t<div class=\"elementor-widget-container\">\n\t\t\t\t\t\t\t\t\t<h2>Unsere Sponsoren<\/h2><p>Grossen Dank an die Unterst\u00fctzung, ohne die unsere Projekte nicht stattfinden k\u00f6nnten!<\/p>\t\t\t\t\t\t\t\t<\/div>\n\t\t\t\t<\/div>\n\t\t\t\t\t<\/div>\n\t\t<\/div>\n\t\t\t\t<div class=\"elementor-column elementor-col-50 elementor-top-column elementor-element elementor-element-14b7610\" data-id=\"14b7610\" data-element_type=\"column\">\n\t\t\t<div class=\"elementor-widget-wrap elementor-element-populated\">\n\t\t\t\t\t\t<div class=\"elementor-element elementor-element-ec7095b elementor-widget elementor-widget-text-editor\" data-id=\"ec7095b\" data-element_type=\"widget\" data-widget_type=\"text-editor.default\">\n\t\t\t\t<div class=\"elementor-widget-container\">\n\t\t\t\t\t\t\t\t\t<ul><li>Stadt St. Gallen<\/li><li>Kanton St. Gallen Kulturf\u00f6rderung<\/li><li>Migros Kulturproduzent Region Ostschweiz\u00a0\u00a0<\/li><li>Lienhard Stiftung<\/li><li>E. Fritz und Yvonne Hofmann Stiftung<\/li><li>Mary und Max Steinmann Stiftung<\/li><\/ul>\t\t\t\t\t\t\t\t<\/div>\n\t\t\t\t<\/div>\n\t\t\t\t\t<\/div>\n\t\t<\/div>\n\t\t\t\t\t<\/div>\n\t\t<\/section>\n\t\t\t\t<section class=\"elementor-section elementor-top-section elementor-element elementor-element-1efa605 elementor-section-boxed elementor-section-height-default elementor-section-height-default\" data-id=\"1efa605\" data-element_type=\"section\">\n\t\t\t\t\t\t<div class=\"elementor-container elementor-column-gap-default\">\n\t\t\t\t\t<div class=\"elementor-column elementor-col-100 elementor-top-column elementor-element elementor-element-94a2379\" data-id=\"94a2379\" data-element_type=\"column\">\n\t\t\t<div class=\"elementor-widget-wrap elementor-element-populated\">\n\t\t\t\t\t\t<div class=\"elementor-element elementor-element-347c560 elementor-widget-divider--view-line elementor-widget elementor-widget-divider\" data-id=\"347c560\" data-element_type=\"widget\" data-widget_type=\"divider.default\">\n\t\t\t\t<div class=\"elementor-widget-container\">\n\t\t\t\t\t\t\t<div class=\"elementor-divider\">\n\t\t\t<span class=\"elementor-divider-separator\">\n\t\t\t\t\t\t<\/span>\n\t\t<\/div>\n\t\t\t\t\t\t<\/div>\n\t\t\t\t<\/div>\n\t\t\t\t\t<\/div>\n\t\t<\/div>\n\t\t\t\t\t<\/div>\n\t\t<\/section>\n\t\t\t\t<section class=\"elementor-section elementor-top-section elementor-element elementor-element-b629119 elementor-section-boxed elementor-section-height-default elementor-section-height-default\" data-id=\"b629119\" data-element_type=\"section\">\n\t\t\t\t\t\t<div class=\"elementor-container elementor-column-gap-default\">\n\t\t\t\t\t<div class=\"elementor-column elementor-col-66 elementor-top-column elementor-element elementor-element-19bac93\" data-id=\"19bac93\" data-element_type=\"column\">\n\t\t\t<div class=\"elementor-widget-wrap elementor-element-populated\">\n\t\t\t\t\t\t<div class=\"elementor-element elementor-element-d4096b6 elementor-widget elementor-widget-text-editor\" data-id=\"d4096b6\" data-element_type=\"widget\" data-widget_type=\"text-editor.default\">\n\t\t\t\t<div class=\"elementor-widget-container\">\n\t\t\t\t\t\t\t\t\t<h2>Kontakt<\/h2><p>Du m\u00f6chtest bei uns Mitglied werden, uns unterst\u00fctzen oder Dich einfach mit einer Frage an uns wenden? Dann z\u00f6gere nicht uns zu kontaktieren! Wir werden uns schnellstm\u00f6glich bei Dir melden.<\/p>\t\t\t\t\t\t\t\t<\/div>\n\t\t\t\t<\/div>\n\t\t\t\t\t<\/div>\n\t\t<\/div>\n\t\t\t\t<div class=\"elementor-column elementor-col-33 elementor-top-column elementor-element elementor-element-0598fba\" data-id=\"0598fba\" data-element_type=\"column\">\n\t\t\t<div class=\"elementor-widget-wrap elementor-element-populated\">\n\t\t\t\t\t\t<div class=\"elementor-element elementor-element-a7d8bf5 elementor-widget elementor-widget-text-editor\" data-id=\"a7d8bf5\" data-element_type=\"widget\" data-widget_type=\"text-editor.default\">\n\t\t\t\t<div class=\"elementor-widget-container\">\n\t\t\t\t\t\t\t\t\t<p>Chor Vokal St. Gallen<br \/>9000 St. Gallen<br \/>Schweiz<\/p><p><strong>sing@chorvokal.ch<\/strong><\/p>\t\t\t\t\t\t\t\t<\/div>\n\t\t\t\t<\/div>\n\t\t\t\t\t<\/div>\n\t\t<\/div>\n\t\t\t\t\t<\/div>\n\t\t<\/section>\n\t\t\t\t<\/div>\n\t\t","protected":false},"excerpt":{"rendered":"<p>Willkommen beim jungen Ostschweizer A-cappella-Chor Chor Vokal St. Gallen \u00dcber uns Wir sind ein Chor aus jungen Leuten aus der Region St. Gallen, die gemeinsam auf hohem Niveau Chormusik pr\u00e4sentieren wollen. Wir studieren projektweise zwei Chorprogramme im Jahr ein und treten mit diesen in der Region St. Gallen auf. Jedes Jahr finden im Dezember unsere &hellip;<\/p>\n<p class=\"read-more\"> <a class=\"\" href=\"https:\/\/chorvokal.ch\/\"> <span class=\"screen-reader-text\">Home<\/span> Weiterlesen &raquo;<\/a><\/p>\n","protected":false},"author":1,"featured_media":0,"parent":0,"menu_order":0,"comment_status":"closed","ping_status":"closed","template":"","meta":{"site-sidebar-layout":"no-sidebar","site-content-layout":"page-builder","ast-site-content-layout":"","site-content-style":"default","site-sidebar-style":"default","ast-global-header-display":"","ast-banner-title-visibility":"","ast-main-header-display":"","ast-hfb-above-header-display":"","ast-hfb-below-header-display":"","ast-hfb-mobile-header-display":"","site-post-title":"disabled","ast-breadcrumbs-content":"","ast-featured-img":"disabled","footer-sml-layout":"","theme-transparent-header-meta":"enabled","adv-header-id-meta":"","stick-header-meta":"","header-above-stick-meta":"","header-main-stick-meta":"","header-below-stick-meta":"","astra-migrate-meta-layouts":"default","ast-page-background-enabled":"default","ast-page-background-meta":{"desktop":{"background-color":"","background-image":"","background-repeat":"repeat","background-position":"center center","background-size":"auto","background-attachment":"scroll","background-type":"","background-media":"","overlay-type":"","overlay-color":"","overlay-gradient":""},"tablet":{"background-color":"","background-image":"","background-repeat":"repeat","background-position":"center center","background-size":"auto","background-attachment":"scroll","background-type":"","background-media":"","overlay-type":"","overlay-color":"","overlay-gradient":""},"mobile":{"background-color":"","background-image":"","background-repeat":"repeat","background-position":"center center","background-size":"auto","background-attachment":"scroll","background-type":"","background-media":"","overlay-type":"","overlay-color":"","overlay-gradient":""}},"ast-content-background-meta":{"desktop":{"background-color":"var(--ast-global-color-5)","background-image":"","background-repeat":"repeat","background-position":"center center","background-size":"auto","background-attachment":"scroll","background-type":"","background-media":"","overlay-type":"","overlay-color":"","overlay-gradient":""},"tablet":{"background-color":"var(--ast-global-color-5)","background-image":"","background-repeat":"repeat","background-position":"center center","background-size":"auto","background-attachment":"scroll","background-type":"","background-media":"","overlay-type":"","overlay-color":"","overlay-gradient":""},"mobile":{"background-color":"var(--ast-global-color-5)","background-image":"","background-repeat":"repeat","background-position":"center center","background-size":"auto","background-attachment":"scroll","background-type":"","background-media":"","overlay-type":"","overlay-color":"","overlay-gradient":""}},"footnotes":""},"_links":{"self":[{"href":"https:\/\/chorvokal.ch\/index.php?rest_route=\/wp\/v2\/pages\/125"}],"collection":[{"href":"https:\/\/chorvokal.ch\/index.php?rest_route=\/wp\/v2\/pages"}],"about":[{"href":"https:\/\/chorvokal.ch\/index.php?rest_route=\/wp\/v2\/types\/page"}],"author":[{"embeddable":true,"href":"https:\/\/chorvokal.ch\/index.php?rest_route=\/wp\/v2\/users\/1"}],"replies":[{"embeddable":true,"href":"https:\/\/chorvokal.ch\/index.php?rest_route=%2Fwp%2Fv2%2Fcomments&post=125"}],"version-history":[{"count":408,"href":"https:\/\/chorvokal.ch\/index.php?rest_route=\/wp\/v2\/pages\/125\/revisions"}],"predecessor-version":[{"id":992,"href":"https:\/\/chorvokal.ch\/index.php?rest_route=\/wp\/v2\/pages\/125\/revisions\/992"}],"wp:attachment":[{"href":"https:\/\/chorvokal.ch\/index.php?rest_route=%2Fwp%2Fv2%2Fmedia&parent=125"}],"curies":[{"name":"wp","href":"https:\/\/api.w.org\/{rel}","templated":true}]}}